{"id":2564,"date":"2026-04-29T15:26:50","date_gmt":"2026-04-29T15:26:50","guid":{"rendered":"https:\/\/vex.is\/?post_type=frettir&#038;p=2564"},"modified":"2026-04-29T15:41:21","modified_gmt":"2026-04-29T15:41:21","slug":"forstjoraskipti_hja_oryggismidstodinni","status":"publish","type":"frettir","link":"https:\/\/vex.is\/en\/frettir\/forstjoraskipti_hja_oryggismidstodinni\/","title":{"rendered":"Forstj\u00f3raskipti hj\u00e1 \u00d6ryggismi\u00f0st\u00f6\u00f0inni"},"content":{"rendered":"<p>Edda Rut Bj\u00f6rnsd\u00f3ttir hefur veri\u00f0 r\u00e1\u00f0in n\u00fdr forstj\u00f3ri \u00d6ryggismi\u00f0st\u00f6\u00f0varinnar og mun hefja st\u00f6rf \u00ed \u00e1g\u00fast n\u00e6stkomandi. Edda Rut tekur vi\u00f0 af <span data-teams=\"true\">Ragnari \u00de\u00f3r J\u00f3nssyni sem \u00f3ska\u00f0 hefur eftir \u00fev\u00ed a\u00f0 l\u00e1ta af st\u00f6rfum en hann hefur starfi forstj\u00f3ra undanfarin 20 \u00e1r<\/span>. Ragnar \u00de\u00f3r mun \u00e1fram koma a\u00f0 starfsemi f\u00e9lagsins me\u00f0 virkum h\u00e6tti og taka s\u00e6ti \u00ed stj\u00f3rn \u00feess \u00e1 n\u00e6sta a\u00f0alfundi.<\/p>\n<p>Edda Rut hefur v\u00ed\u00f0t\u00e6ka reynslu af stj\u00f3rnun og rekstri. H\u00fan hefur fr\u00e1 \u00e1rinu 2019 gengt fj\u00f6lbreyttum stj\u00f3rnunarst\u00f6\u00f0um hj\u00e1 Eimskip, s\u00ed\u00f0ast sem framkv\u00e6mdastj\u00f3ri Innanlandssvi\u00f0s. \u00dear \u00e1\u00f0ur starfa\u00f0i h\u00fan hj\u00e1 \u00cdslandsbanka \u00ed t\u00f3lf \u00e1r \u00ed stj\u00f3rnunar- og s\u00e9rfr\u00e6\u00f0ihlutverkum, s\u00ed\u00f0ast sem forst\u00f6\u00f0uma\u00f0ur s\u00f6lu- og vi\u00f0skiptast\u00fdringar \u00e1 fyrirt\u00e6kja- og fj\u00e1rfestasvi\u00f0i bankans.<\/p>\n<p>\u201eVi\u00f0 bj\u00f3\u00f0um Eddu Rut velkomna til starfa og hl\u00f6kkum til a\u00f0 vinna me\u00f0 henni a\u00f0 \u00e1framhaldandi vexti f\u00e9lagsins. Um lei\u00f0 viljum vi\u00f0 \u00feakka Ragnari \u00de\u00f3r fyrir fars\u00e6la forystu og \u00f3metanlegt framlag til uppbyggingar \u00d6ryggismi\u00f0st\u00f6\u00f0varinnar s\u00ed\u00f0ustu tvo \u00e1ratugi, en \u00e1 \u00feeim t\u00edma hefur velta f\u00e9lagsins r\u00famlega t\u00edfaldast. Undir stj\u00f3rn Ragnars hefur byggst upp \u00f6flug li\u00f0sheild sem lagt hefur grunn a\u00f0 sterkri st\u00f6\u00f0u \u00d6ryggismi\u00f0st\u00f6\u00f0varinnar \u00e1 marka\u00f0i og skapa\u00f0 g\u00f3\u00f0an grundv\u00f6ll fyrir n\u00e6sta kafla \u00ed s\u00f6gu f\u00e9lagsins,\u201c segir Benedikt \u00d3lafsson stj\u00f3rnarforma\u00f0ur \u00d6ryggismi\u00f0st\u00f6\u00f0varinnar.<\/p>\n<p>\u201e\u00c9g er \u00feakkl\u00e1t fyrir a\u00f0 f\u00e1 t\u00e6kif\u00e6ri til a\u00f0 lei\u00f0a \u00d6ryggismi\u00f0st\u00f6\u00f0ina, sem er traust og frams\u00e6ki\u00f0 \u00fej\u00f3nustufyrirt\u00e6ki \u00ed g\u00f3\u00f0um og fj\u00f6lbreyttum rekstri. Viljinn til a\u00f0 s\u00e6kja fram er sk\u00fdr og t\u00e6kif\u00e6rin til frekari vaxtar eru spennandi. \u00c9g hlakka til a\u00f0 vinna me\u00f0 \u00fev\u00ed\u00a0\u00f6fluga f\u00f3lki sem starfar hj\u00e1 f\u00e9laginu og \u00fer\u00f3a \u00e1fram fj\u00f6lbreyttar og traustar lausnir sem skapa vir\u00f0i fyrir vi\u00f0skiptavini okkar,\u201c segir Edda Rut Bj\u00f6rnsd\u00f3ttir n\u00fd r\u00e1\u00f0inn forstj\u00f3ri \u00d6ryggismi\u00f0st\u00f6\u00f0varinnar.<\/p>\n<p>&nbsp;<\/p>\n","protected":false},"featured_media":2566,"template":"","tags":[],"class_list":["post-2564","frettir","type-frettir","status-publish","has-post-thumbnail","hentry"],"acf":[],"yoast_head":"<!-- This site is optimized with the Yoast SEO plugin v26.4 - https:\/\/yoast.com\/wordpress\/plugins\/seo\/ -->\n<title>Forstj\u00f3raskipti hj\u00e1 \u00d6ryggismi\u00f0st\u00f6\u00f0inni - VEX<\/title>\n<meta name=\"robots\" content=\"index, follow, max-snippet:-1, max-image-preview:large, max-video-preview:-1\" \/>\n<link rel=\"canonical\" href=\"https:\/\/vex.is\/en\/frettir\/forstjoraskipti_hja_oryggismidstodinni\/\" \/>\n<meta property=\"og:locale\" content=\"en_US\" \/>\n<meta property=\"og:type\" content=\"article\" \/>\n<meta property=\"og:title\" content=\"Forstj\u00f3raskipti hj\u00e1 \u00d6ryggismi\u00f0st\u00f6\u00f0inni - VEX\" \/>\n<meta property=\"og:description\" content=\"Edda Rut Bj\u00f6rnsd\u00f3ttir hefur veri\u00f0 r\u00e1\u00f0in n\u00fdr forstj\u00f3ri \u00d6ryggismi\u00f0st\u00f6\u00f0varinnar og mun hefja st\u00f6rf \u00ed \u00e1g\u00fast n\u00e6stkomandi. Edda Rut tekur vi\u00f0 af Ragnari \u00de\u00f3r J\u00f3nssyni sem \u00f3ska\u00f0 hefur eftir \u00fev\u00ed a\u00f0 l\u00e1ta af st\u00f6rfum en hann hefur starfi forstj\u00f3ra undanfarin 20 \u00e1r. Ragnar \u00de\u00f3r mun \u00e1fram koma a\u00f0 starfsemi f\u00e9lagsins me\u00f0 virkum h\u00e6tti og taka s\u00e6ti [&hellip;]\" \/>\n<meta property=\"og:url\" content=\"https:\/\/vex.is\/en\/frettir\/forstjoraskipti_hja_oryggismidstodinni\/\" \/>\n<meta property=\"og:site_name\" content=\"VEX\" \/>\n<meta property=\"article:modified_time\" content=\"2026-04-29T15:41:21+00:00\" \/>\n<meta property=\"og:image\" content=\"https:\/\/vex.is\/wp-content\/uploads\/2026\/04\/eddarutbjornsdottir07-1.jpg\" \/>\n\t<meta property=\"og:image:width\" content=\"1600\" \/>\n\t<meta property=\"og:image:height\" content=\"1100\" \/>\n\t<meta property=\"og:image:type\" content=\"image\/jpeg\" \/>\n<meta name=\"twitter:card\" content=\"summary_large_image\" \/>\n<meta name=\"twitter:label1\" content=\"Est. reading time\" \/>\n\t<meta name=\"twitter:data1\" content=\"2 minutes\" \/>\n<script type=\"application\/ld+json\" class=\"yoast-schema-graph\">{\"@context\":\"https:\/\/schema.org\",\"@graph\":[{\"@type\":\"WebPage\",\"@id\":\"https:\/\/vex.is\/en\/frettir\/forstjoraskipti_hja_oryggismidstodinni\/\",\"url\":\"https:\/\/vex.is\/en\/frettir\/forstjoraskipti_hja_oryggismidstodinni\/\",\"name\":\"Forstj\u00f3raskipti hj\u00e1 \u00d6ryggismi\u00f0st\u00f6\u00f0inni - VEX\",\"isPartOf\":{\"@id\":\"https:\/\/vex.is\/en\/#website\"},\"primaryImageOfPage\":{\"@id\":\"https:\/\/vex.is\/en\/frettir\/forstjoraskipti_hja_oryggismidstodinni\/#primaryimage\"},\"image\":{\"@id\":\"https:\/\/vex.is\/en\/frettir\/forstjoraskipti_hja_oryggismidstodinni\/#primaryimage\"},\"thumbnailUrl\":\"https:\/\/vex.is\/wp-content\/uploads\/2026\/04\/eddarutbjornsdottir07-1.jpg\",\"datePublished\":\"2026-04-29T15:26:50+00:00\",\"dateModified\":\"2026-04-29T15:41:21+00:00\",\"breadcrumb\":{\"@id\":\"https:\/\/vex.is\/en\/frettir\/forstjoraskipti_hja_oryggismidstodinni\/#breadcrumb\"},\"inLanguage\":\"en-US\",\"potentialAction\":[{\"@type\":\"ReadAction\",\"target\":[\"https:\/\/vex.is\/en\/frettir\/forstjoraskipti_hja_oryggismidstodinni\/\"]}]},{\"@type\":\"ImageObject\",\"inLanguage\":\"en-US\",\"@id\":\"https:\/\/vex.is\/en\/frettir\/forstjoraskipti_hja_oryggismidstodinni\/#primaryimage\",\"url\":\"https:\/\/vex.is\/wp-content\/uploads\/2026\/04\/eddarutbjornsdottir07-1.jpg\",\"contentUrl\":\"https:\/\/vex.is\/wp-content\/uploads\/2026\/04\/eddarutbjornsdottir07-1.jpg\",\"width\":1600,\"height\":1100},{\"@type\":\"BreadcrumbList\",\"@id\":\"https:\/\/vex.is\/en\/frettir\/forstjoraskipti_hja_oryggismidstodinni\/#breadcrumb\",\"itemListElement\":[{\"@type\":\"ListItem\",\"position\":1,\"name\":\"Home\",\"item\":\"https:\/\/vex.is\/en\/forsida\/\"},{\"@type\":\"ListItem\",\"position\":2,\"name\":\"Forstj\u00f3raskipti hj\u00e1 \u00d6ryggismi\u00f0st\u00f6\u00f0inni\"}]},{\"@type\":\"WebSite\",\"@id\":\"https:\/\/vex.is\/en\/#website\",\"url\":\"https:\/\/vex.is\/en\/\",\"name\":\"VEX\",\"description\":\"\",\"publisher\":{\"@id\":\"https:\/\/vex.is\/en\/#organization\"},\"potentialAction\":[{\"@type\":\"SearchAction\",\"target\":{\"@type\":\"EntryPoint\",\"urlTemplate\":\"https:\/\/vex.is\/en\/?s={search_term_string}\"},\"query-input\":{\"@type\":\"PropertyValueSpecification\",\"valueRequired\":true,\"valueName\":\"search_term_string\"}}],\"inLanguage\":\"en-US\"},{\"@type\":\"Organization\",\"@id\":\"https:\/\/vex.is\/en\/#organization\",\"name\":\"VEX\",\"url\":\"https:\/\/vex.is\/en\/\",\"logo\":{\"@type\":\"ImageObject\",\"inLanguage\":\"en-US\",\"@id\":\"https:\/\/vex.is\/en\/#\/schema\/logo\/image\/\",\"url\":\"https:\/\/vex.is\/wp-content\/uploads\/2023\/07\/VEX_Logo_wide.png\",\"contentUrl\":\"https:\/\/vex.is\/wp-content\/uploads\/2023\/07\/VEX_Logo_wide.png\",\"width\":1470,\"height\":570,\"caption\":\"VEX\"},\"image\":{\"@id\":\"https:\/\/vex.is\/en\/#\/schema\/logo\/image\/\"},\"sameAs\":[\"https:\/\/www.linkedin.com\/company\/vex-ehf\/\"]}]}<\/script>\n<!-- \/ Yoast SEO plugin. -->","yoast_head_json":{"title":"Forstj\u00f3raskipti hj\u00e1 \u00d6ryggismi\u00f0st\u00f6\u00f0inni - VEX","robots":{"index":"index","follow":"follow","max-snippet":"max-snippet:-1","max-image-preview":"max-image-preview:large","max-video-preview":"max-video-preview:-1"},"canonical":"https:\/\/vex.is\/en\/frettir\/forstjoraskipti_hja_oryggismidstodinni\/","og_locale":"en_US","og_type":"article","og_title":"Forstj\u00f3raskipti hj\u00e1 \u00d6ryggismi\u00f0st\u00f6\u00f0inni - VEX","og_description":"Edda Rut Bj\u00f6rnsd\u00f3ttir hefur veri\u00f0 r\u00e1\u00f0in n\u00fdr forstj\u00f3ri \u00d6ryggismi\u00f0st\u00f6\u00f0varinnar og mun hefja st\u00f6rf \u00ed \u00e1g\u00fast n\u00e6stkomandi. Edda Rut tekur vi\u00f0 af Ragnari \u00de\u00f3r J\u00f3nssyni sem \u00f3ska\u00f0 hefur eftir \u00fev\u00ed a\u00f0 l\u00e1ta af st\u00f6rfum en hann hefur starfi forstj\u00f3ra undanfarin 20 \u00e1r. Ragnar \u00de\u00f3r mun \u00e1fram koma a\u00f0 starfsemi f\u00e9lagsins me\u00f0 virkum h\u00e6tti og taka s\u00e6ti [&hellip;]","og_url":"https:\/\/vex.is\/en\/frettir\/forstjoraskipti_hja_oryggismidstodinni\/","og_site_name":"VEX","article_modified_time":"2026-04-29T15:41:21+00:00","og_image":[{"width":1600,"height":1100,"url":"https:\/\/vex.is\/wp-content\/uploads\/2026\/04\/eddarutbjornsdottir07-1.jpg","type":"image\/jpeg"}],"twitter_card":"summary_large_image","twitter_misc":{"Est. reading time":"2 minutes"},"schema":{"@context":"https:\/\/schema.org","@graph":[{"@type":"WebPage","@id":"https:\/\/vex.is\/en\/frettir\/forstjoraskipti_hja_oryggismidstodinni\/","url":"https:\/\/vex.is\/en\/frettir\/forstjoraskipti_hja_oryggismidstodinni\/","name":"Forstj\u00f3raskipti hj\u00e1 \u00d6ryggismi\u00f0st\u00f6\u00f0inni - VEX","isPartOf":{"@id":"https:\/\/vex.is\/en\/#website"},"primaryImageOfPage":{"@id":"https:\/\/vex.is\/en\/frettir\/forstjoraskipti_hja_oryggismidstodinni\/#primaryimage"},"image":{"@id":"https:\/\/vex.is\/en\/frettir\/forstjoraskipti_hja_oryggismidstodinni\/#primaryimage"},"thumbnailUrl":"https:\/\/vex.is\/wp-content\/uploads\/2026\/04\/eddarutbjornsdottir07-1.jpg","datePublished":"2026-04-29T15:26:50+00:00","dateModified":"2026-04-29T15:41:21+00:00","breadcrumb":{"@id":"https:\/\/vex.is\/en\/frettir\/forstjoraskipti_hja_oryggismidstodinni\/#breadcrumb"},"inLanguage":"en-US","potentialAction":[{"@type":"ReadAction","target":["https:\/\/vex.is\/en\/frettir\/forstjoraskipti_hja_oryggismidstodinni\/"]}]},{"@type":"ImageObject","inLanguage":"en-US","@id":"https:\/\/vex.is\/en\/frettir\/forstjoraskipti_hja_oryggismidstodinni\/#primaryimage","url":"https:\/\/vex.is\/wp-content\/uploads\/2026\/04\/eddarutbjornsdottir07-1.jpg","contentUrl":"https:\/\/vex.is\/wp-content\/uploads\/2026\/04\/eddarutbjornsdottir07-1.jpg","width":1600,"height":1100},{"@type":"BreadcrumbList","@id":"https:\/\/vex.is\/en\/frettir\/forstjoraskipti_hja_oryggismidstodinni\/#breadcrumb","itemListElement":[{"@type":"ListItem","position":1,"name":"Home","item":"https:\/\/vex.is\/en\/forsida\/"},{"@type":"ListItem","position":2,"name":"Forstj\u00f3raskipti hj\u00e1 \u00d6ryggismi\u00f0st\u00f6\u00f0inni"}]},{"@type":"WebSite","@id":"https:\/\/vex.is\/en\/#website","url":"https:\/\/vex.is\/en\/","name":"VEX","description":"","publisher":{"@id":"https:\/\/vex.is\/en\/#organization"},"potentialAction":[{"@type":"SearchAction","target":{"@type":"EntryPoint","urlTemplate":"https:\/\/vex.is\/en\/?s={search_term_string}"},"query-input":{"@type":"PropertyValueSpecification","valueRequired":true,"valueName":"search_term_string"}}],"inLanguage":"en-US"},{"@type":"Organization","@id":"https:\/\/vex.is\/en\/#organization","name":"VEX","url":"https:\/\/vex.is\/en\/","logo":{"@type":"ImageObject","inLanguage":"en-US","@id":"https:\/\/vex.is\/en\/#\/schema\/logo\/image\/","url":"https:\/\/vex.is\/wp-content\/uploads\/2023\/07\/VEX_Logo_wide.png","contentUrl":"https:\/\/vex.is\/wp-content\/uploads\/2023\/07\/VEX_Logo_wide.png","width":1470,"height":570,"caption":"VEX"},"image":{"@id":"https:\/\/vex.is\/en\/#\/schema\/logo\/image\/"},"sameAs":["https:\/\/www.linkedin.com\/company\/vex-ehf\/"]}]}},"_links":{"self":[{"href":"https:\/\/vex.is\/en\/wp-json\/wp\/v2\/frettir\/2564","targetHints":{"allow":["GET"]}}],"collection":[{"href":"https:\/\/vex.is\/en\/wp-json\/wp\/v2\/frettir"}],"about":[{"href":"https:\/\/vex.is\/en\/wp-json\/wp\/v2\/types\/frettir"}],"wp:featuredmedia":[{"embeddable":true,"href":"https:\/\/vex.is\/en\/wp-json\/wp\/v2\/media\/2566"}],"wp:attachment":[{"href":"https:\/\/vex.is\/en\/wp-json\/wp\/v2\/media?parent=2564"}],"wp:term":[{"taxonomy":"post_tag","embeddable":true,"href":"https:\/\/vex.is\/en\/wp-json\/wp\/v2\/tags?post=2564"}],"curies":[{"name":"wp","href":"https:\/\/api.w.org\/{rel}","templated":true}]}}