{"id":2538,"date":"2025-12-10T15:21:06","date_gmt":"2025-12-10T15:21:06","guid":{"rendered":"https:\/\/vex.is\/?post_type=frettir&#038;p=2538"},"modified":"2025-12-10T15:21:06","modified_gmt":"2025-12-10T15:21:06","slug":"vex-ii-fjarfestir-i-koda","status":"publish","type":"frettir","link":"https:\/\/vex.is\/en\/frettir\/vex-ii-fjarfestir-i-koda\/","title":{"rendered":"VEX II fj\u00e1rfestir \u00ed K\u00f3\u00f0a"},"content":{"rendered":"<p><span data-contrast=\"auto\">VEX II hefur fj\u00e1rfest \u00ed hugb\u00fana\u00f0arfyrirt\u00e6kinu K\u00f3\u00f0a ehf., og ver\u00f0ur st\u00e6rsti einstaki hluthafinn \u00ed f\u00e9laginu. Seljendur eru stofnendur f\u00e9lagsins, \u00feeir Dagur Gunnarsson, Thor Thors, T\u00f3mas T\u00f3masson og \u00d6rn \u00de\u00f3r\u00f0arson auk P\u00e9turs Thors og Jasnik ehf., f\u00e9lags sem er a\u00f0 fullu \u00ed eigu H\u00f6skuldar Tryggvasonar. Stofnendur f\u00e9lagsins munu \u00e1fram eiga st\u00f3ran hlut \u00ed f\u00e9laginu og koma a\u00f0 rekstri \u00feess. <\/span><\/p>\n<p><span data-contrast=\"auto\">K\u00f3\u00f0i var stofna\u00f0 \u00e1ri\u00f0 2009 og um 30 manns starfa hj\u00e1 f\u00e9laginu. F\u00e9lagi\u00f0 b\u00fd\u00f0ur upp \u00e1 fj\u00f6lbreyttar fj\u00e1rt\u00e6knilausnir \u00e1samt \u00fev\u00ed a\u00f0 safna, greina og dreifa marka\u00f0sg\u00f6gnum. <\/span><span data-contrast=\"none\">K\u00f3\u00f0i \u00e1 og rekur me\u00f0al annars ver\u00f0br\u00e9favi\u00f0skiptakerfi\u00f0 KODIAK OMS, KODIAK Excel, \u00fatbo\u00f0skerfi\u00f0 IPO, Hluthafaskr\u00e1 og Kelduna sem er heims\u00f3tt af 120 \u00fe\u00fasund notendum m\u00e1na\u00f0arlega. V\u00f6rur f\u00e9lagsins eru yfir 20 talsins og meira en 600 fyrirt\u00e6ki n\u00fdta v\u00f6rur og \u00fej\u00f3nustu K\u00f3\u00f0a.<\/span><span data-contrast=\"auto\"> \u00c1\u00e6tlu\u00f0 velta f\u00e9lagsins \u00e1 yfirstandandi \u00e1ri er um einn milljar\u00f0ur kr\u00f3na og um 85% tekna eru \u00e1skriftartekjur.<\/span><span data-ccp-props=\"{&quot;201341983&quot;:0,&quot;335559740&quot;:300}\">\u00a0<\/span><\/p>\n<p><span data-contrast=\"auto\">\u201e\u00deetta eru \u00e1n\u00e6gjuleg t\u00edmam\u00f3t fyrir K\u00f3\u00f0a, starfsf\u00f3lki\u00f0 hefur \u00e1 s\u00ed\u00f0ustu 16 \u00e1rum byggt upp \u00f6flugt hugb\u00fana\u00f0arh\u00fas sem er lykil\u00fej\u00f3nustuveitandi \u00e1 \u00edslenskum fj\u00e1rm\u00e1lamarka\u00f0i. \u00der\u00f3unarstarf f\u00e9lagsins hefur skapa\u00f0 raunverulegt vir\u00f0i fyrir vi\u00f0skiptavini, leyst \u00fdmis vi\u00f0fangsefni fj\u00e1rm\u00e1lamarka\u00f0arins og veitt a\u00f0gang a\u00f0 marka\u00f0sg\u00f6gnum \u00e1 hagkv\u00e6man h\u00e1tt. Lausnir f\u00e9lagsins eru nota\u00f0ar af \u00f6llum fj\u00e1rm\u00e1lafyrirt\u00e6kjum landsins auk \u00feess sem eignast\u00fdringarf\u00e9l\u00f6g, l\u00edfeyrissj\u00f3\u00f0ir og tryggingaf\u00e9l\u00f6g eru st\u00f3rir notendur. Vi\u00f0 erum gr\u00ed\u00f0arlega stolt af \u00fev\u00ed hvar f\u00e9lagi\u00f0 er statt \u00ed dag og teljum t\u00edmapunktinn g\u00f3\u00f0an til a\u00f0 f\u00e1 inn \u00f6flugan a\u00f0ila til a\u00f0 taka \u00fe\u00e1tt \u00ed n\u00e6sta kafla f\u00e9lagsins me\u00f0 okkur\u201c segir Thor Thors, forstj\u00f3ri K\u00f3\u00f0a.<\/span><span data-ccp-props=\"{&quot;201341983&quot;:0,&quot;335559740&quot;:300}\">\u00a0<\/span><\/p>\n<p><span data-contrast=\"auto\">\u201e\u00dea\u00f0 hefur veri\u00f0 afar \u00e1hugavert a\u00f0 fylgjast me\u00f0 vexti K\u00f3\u00f0a \u00e1 s\u00ed\u00f0ustu \u00e1rum og vi\u00f0 teljum \u00e1fram vera fj\u00f6lm\u00f6rg t\u00e6kif\u00e6ri til frekari vaxtar. F\u00e9lagi\u00f0 b\u00fdr yfir reynslumiklum h\u00f3pi starfsmanna sem vi\u00f0 \u00e6tlum okkur a\u00f0 sty\u00f0ja \u00ed frekari s\u00f3kn \u00e1 innlendum marka\u00f0i\u201c segir Benedikt \u00d3lafsson, eigandi hj\u00e1 VEX.<\/span><span data-ccp-props=\"{&quot;201341983&quot;:0,&quot;335559740&quot;:300}\">\u00a0<\/span><\/p>\n<p><span class=\"TextRun SCXW122108206 BCX8\" lang=\"IS\" xml:lang=\"IS\" data-contrast=\"auto\"><span class=\"NormalTextRun SCXW122108206 BCX8\">Fyrirt\u00e6kjar\u00e1\u00f0gj\u00f6f Arion<\/span> <span class=\"NormalTextRun SCXW122108206 BCX8\">b<\/span><span class=\"NormalTextRun SCXW122108206 BCX8\">anka<\/span><span class=\"NormalTextRun SCXW122108206 BCX8\"> og BBA\/\/Fjeldco voru r\u00e1\u00f0gjafar f\u00e9lagsins og seljenda \u00ed vi\u00f0skiptunum. Deloitte og LEX l\u00f6gmannsstofa veitti kaup<\/span><span class=\"NormalTextRun SCXW122108206 BCX8\">a<\/span><span class=\"NormalTextRun SCXW122108206 BCX8\">nda r\u00e1\u00f0gj\u00f6f.<\/span><\/span><span class=\"EOP SCXW122108206 BCX8\" data-ccp-props=\"{&quot;201341983&quot;:0,&quot;335559740&quot;:300}\">\u00a0<\/span><\/p>\n","protected":false},"featured_media":2542,"template":"","tags":[],"class_list":["post-2538","frettir","type-frettir","status-publish","has-post-thumbnail","hentry"],"acf":[],"yoast_head":"<!-- This site is optimized with the Yoast SEO plugin v26.4 - https:\/\/yoast.com\/wordpress\/plugins\/seo\/ -->\n<title>VEX II fj\u00e1rfestir \u00ed K\u00f3\u00f0a - VEX<\/title>\n<meta name=\"robots\" content=\"index, follow, max-snippet:-1, max-image-preview:large, max-video-preview:-1\" \/>\n<link rel=\"canonical\" href=\"https:\/\/vex.is\/en\/frettir\/vex-ii-fjarfestir-i-koda\/\" \/>\n<meta property=\"og:locale\" content=\"en_US\" \/>\n<meta property=\"og:type\" content=\"article\" \/>\n<meta property=\"og:title\" content=\"VEX II fj\u00e1rfestir \u00ed K\u00f3\u00f0a - VEX\" \/>\n<meta property=\"og:description\" content=\"VEX II hefur fj\u00e1rfest \u00ed hugb\u00fana\u00f0arfyrirt\u00e6kinu K\u00f3\u00f0a ehf., og ver\u00f0ur st\u00e6rsti einstaki hluthafinn \u00ed f\u00e9laginu. Seljendur eru stofnendur f\u00e9lagsins, \u00feeir Dagur Gunnarsson, Thor Thors, T\u00f3mas T\u00f3masson og \u00d6rn \u00de\u00f3r\u00f0arson auk P\u00e9turs Thors og Jasnik ehf., f\u00e9lags sem er a\u00f0 fullu \u00ed eigu H\u00f6skuldar Tryggvasonar. Stofnendur f\u00e9lagsins munu \u00e1fram eiga st\u00f3ran hlut \u00ed f\u00e9laginu og koma [&hellip;]\" \/>\n<meta property=\"og:url\" content=\"https:\/\/vex.is\/en\/frettir\/vex-ii-fjarfestir-i-koda\/\" \/>\n<meta property=\"og:site_name\" content=\"VEX\" \/>\n<meta property=\"og:image\" content=\"https:\/\/vex.is\/wp-content\/uploads\/2025\/12\/Kodi-tilkynning.webp\" \/>\n\t<meta property=\"og:image:width\" content=\"658\" \/>\n\t<meta property=\"og:image:height\" content=\"400\" \/>\n\t<meta property=\"og:image:type\" content=\"image\/webp\" \/>\n<meta name=\"twitter:card\" content=\"summary_large_image\" \/>\n<meta name=\"twitter:label1\" content=\"Est. reading time\" \/>\n\t<meta name=\"twitter:data1\" content=\"2 minutes\" \/>\n<script type=\"application\/ld+json\" class=\"yoast-schema-graph\">{\"@context\":\"https:\/\/schema.org\",\"@graph\":[{\"@type\":\"WebPage\",\"@id\":\"https:\/\/vex.is\/en\/frettir\/vex-ii-fjarfestir-i-koda\/\",\"url\":\"https:\/\/vex.is\/en\/frettir\/vex-ii-fjarfestir-i-koda\/\",\"name\":\"VEX II fj\u00e1rfestir \u00ed K\u00f3\u00f0a - VEX\",\"isPartOf\":{\"@id\":\"https:\/\/vex.is\/en\/#website\"},\"primaryImageOfPage\":{\"@id\":\"https:\/\/vex.is\/en\/frettir\/vex-ii-fjarfestir-i-koda\/#primaryimage\"},\"image\":{\"@id\":\"https:\/\/vex.is\/en\/frettir\/vex-ii-fjarfestir-i-koda\/#primaryimage\"},\"thumbnailUrl\":\"https:\/\/vex.is\/wp-content\/uploads\/2025\/12\/Kodi-tilkynning.webp\",\"datePublished\":\"2025-12-10T15:21:06+00:00\",\"breadcrumb\":{\"@id\":\"https:\/\/vex.is\/en\/frettir\/vex-ii-fjarfestir-i-koda\/#breadcrumb\"},\"inLanguage\":\"en-US\",\"potentialAction\":[{\"@type\":\"ReadAction\",\"target\":[\"https:\/\/vex.is\/en\/frettir\/vex-ii-fjarfestir-i-koda\/\"]}]},{\"@type\":\"ImageObject\",\"inLanguage\":\"en-US\",\"@id\":\"https:\/\/vex.is\/en\/frettir\/vex-ii-fjarfestir-i-koda\/#primaryimage\",\"url\":\"https:\/\/vex.is\/wp-content\/uploads\/2025\/12\/Kodi-tilkynning.webp\",\"contentUrl\":\"https:\/\/vex.is\/wp-content\/uploads\/2025\/12\/Kodi-tilkynning.webp\",\"width\":658,\"height\":400},{\"@type\":\"BreadcrumbList\",\"@id\":\"https:\/\/vex.is\/en\/frettir\/vex-ii-fjarfestir-i-koda\/#breadcrumb\",\"itemListElement\":[{\"@type\":\"ListItem\",\"position\":1,\"name\":\"Home\",\"item\":\"https:\/\/vex.is\/en\/forsida\/\"},{\"@type\":\"ListItem\",\"position\":2,\"name\":\"VEX II fj\u00e1rfestir \u00ed K\u00f3\u00f0a\"}]},{\"@type\":\"WebSite\",\"@id\":\"https:\/\/vex.is\/en\/#website\",\"url\":\"https:\/\/vex.is\/en\/\",\"name\":\"VEX\",\"description\":\"\",\"publisher\":{\"@id\":\"https:\/\/vex.is\/en\/#organization\"},\"potentialAction\":[{\"@type\":\"SearchAction\",\"target\":{\"@type\":\"EntryPoint\",\"urlTemplate\":\"https:\/\/vex.is\/en\/?s={search_term_string}\"},\"query-input\":{\"@type\":\"PropertyValueSpecification\",\"valueRequired\":true,\"valueName\":\"search_term_string\"}}],\"inLanguage\":\"en-US\"},{\"@type\":\"Organization\",\"@id\":\"https:\/\/vex.is\/en\/#organization\",\"name\":\"VEX\",\"url\":\"https:\/\/vex.is\/en\/\",\"logo\":{\"@type\":\"ImageObject\",\"inLanguage\":\"en-US\",\"@id\":\"https:\/\/vex.is\/en\/#\/schema\/logo\/image\/\",\"url\":\"https:\/\/vex.is\/wp-content\/uploads\/2023\/07\/VEX_Logo_wide.png\",\"contentUrl\":\"https:\/\/vex.is\/wp-content\/uploads\/2023\/07\/VEX_Logo_wide.png\",\"width\":1470,\"height\":570,\"caption\":\"VEX\"},\"image\":{\"@id\":\"https:\/\/vex.is\/en\/#\/schema\/logo\/image\/\"},\"sameAs\":[\"https:\/\/www.linkedin.com\/company\/vex-ehf\/\"]}]}<\/script>\n<!-- \/ Yoast SEO plugin. -->","yoast_head_json":{"title":"VEX II fj\u00e1rfestir \u00ed K\u00f3\u00f0a - VEX","robots":{"index":"index","follow":"follow","max-snippet":"max-snippet:-1","max-image-preview":"max-image-preview:large","max-video-preview":"max-video-preview:-1"},"canonical":"https:\/\/vex.is\/en\/frettir\/vex-ii-fjarfestir-i-koda\/","og_locale":"en_US","og_type":"article","og_title":"VEX II fj\u00e1rfestir \u00ed K\u00f3\u00f0a - VEX","og_description":"VEX II hefur fj\u00e1rfest \u00ed hugb\u00fana\u00f0arfyrirt\u00e6kinu K\u00f3\u00f0a ehf., og ver\u00f0ur st\u00e6rsti einstaki hluthafinn \u00ed f\u00e9laginu. Seljendur eru stofnendur f\u00e9lagsins, \u00feeir Dagur Gunnarsson, Thor Thors, T\u00f3mas T\u00f3masson og \u00d6rn \u00de\u00f3r\u00f0arson auk P\u00e9turs Thors og Jasnik ehf., f\u00e9lags sem er a\u00f0 fullu \u00ed eigu H\u00f6skuldar Tryggvasonar. Stofnendur f\u00e9lagsins munu \u00e1fram eiga st\u00f3ran hlut \u00ed f\u00e9laginu og koma [&hellip;]","og_url":"https:\/\/vex.is\/en\/frettir\/vex-ii-fjarfestir-i-koda\/","og_site_name":"VEX","og_image":[{"width":658,"height":400,"url":"https:\/\/vex.is\/wp-content\/uploads\/2025\/12\/Kodi-tilkynning.webp","type":"image\/webp"}],"twitter_card":"summary_large_image","twitter_misc":{"Est. reading time":"2 minutes"},"schema":{"@context":"https:\/\/schema.org","@graph":[{"@type":"WebPage","@id":"https:\/\/vex.is\/en\/frettir\/vex-ii-fjarfestir-i-koda\/","url":"https:\/\/vex.is\/en\/frettir\/vex-ii-fjarfestir-i-koda\/","name":"VEX II fj\u00e1rfestir \u00ed K\u00f3\u00f0a - VEX","isPartOf":{"@id":"https:\/\/vex.is\/en\/#website"},"primaryImageOfPage":{"@id":"https:\/\/vex.is\/en\/frettir\/vex-ii-fjarfestir-i-koda\/#primaryimage"},"image":{"@id":"https:\/\/vex.is\/en\/frettir\/vex-ii-fjarfestir-i-koda\/#primaryimage"},"thumbnailUrl":"https:\/\/vex.is\/wp-content\/uploads\/2025\/12\/Kodi-tilkynning.webp","datePublished":"2025-12-10T15:21:06+00:00","breadcrumb":{"@id":"https:\/\/vex.is\/en\/frettir\/vex-ii-fjarfestir-i-koda\/#breadcrumb"},"inLanguage":"en-US","potentialAction":[{"@type":"ReadAction","target":["https:\/\/vex.is\/en\/frettir\/vex-ii-fjarfestir-i-koda\/"]}]},{"@type":"ImageObject","inLanguage":"en-US","@id":"https:\/\/vex.is\/en\/frettir\/vex-ii-fjarfestir-i-koda\/#primaryimage","url":"https:\/\/vex.is\/wp-content\/uploads\/2025\/12\/Kodi-tilkynning.webp","contentUrl":"https:\/\/vex.is\/wp-content\/uploads\/2025\/12\/Kodi-tilkynning.webp","width":658,"height":400},{"@type":"BreadcrumbList","@id":"https:\/\/vex.is\/en\/frettir\/vex-ii-fjarfestir-i-koda\/#breadcrumb","itemListElement":[{"@type":"ListItem","position":1,"name":"Home","item":"https:\/\/vex.is\/en\/forsida\/"},{"@type":"ListItem","position":2,"name":"VEX II fj\u00e1rfestir \u00ed K\u00f3\u00f0a"}]},{"@type":"WebSite","@id":"https:\/\/vex.is\/en\/#website","url":"https:\/\/vex.is\/en\/","name":"VEX","description":"","publisher":{"@id":"https:\/\/vex.is\/en\/#organization"},"potentialAction":[{"@type":"SearchAction","target":{"@type":"EntryPoint","urlTemplate":"https:\/\/vex.is\/en\/?s={search_term_string}"},"query-input":{"@type":"PropertyValueSpecification","valueRequired":true,"valueName":"search_term_string"}}],"inLanguage":"en-US"},{"@type":"Organization","@id":"https:\/\/vex.is\/en\/#organization","name":"VEX","url":"https:\/\/vex.is\/en\/","logo":{"@type":"ImageObject","inLanguage":"en-US","@id":"https:\/\/vex.is\/en\/#\/schema\/logo\/image\/","url":"https:\/\/vex.is\/wp-content\/uploads\/2023\/07\/VEX_Logo_wide.png","contentUrl":"https:\/\/vex.is\/wp-content\/uploads\/2023\/07\/VEX_Logo_wide.png","width":1470,"height":570,"caption":"VEX"},"image":{"@id":"https:\/\/vex.is\/en\/#\/schema\/logo\/image\/"},"sameAs":["https:\/\/www.linkedin.com\/company\/vex-ehf\/"]}]}},"_links":{"self":[{"href":"https:\/\/vex.is\/en\/wp-json\/wp\/v2\/frettir\/2538","targetHints":{"allow":["GET"]}}],"collection":[{"href":"https:\/\/vex.is\/en\/wp-json\/wp\/v2\/frettir"}],"about":[{"href":"https:\/\/vex.is\/en\/wp-json\/wp\/v2\/types\/frettir"}],"wp:featuredmedia":[{"embeddable":true,"href":"https:\/\/vex.is\/en\/wp-json\/wp\/v2\/media\/2542"}],"wp:attachment":[{"href":"https:\/\/vex.is\/en\/wp-json\/wp\/v2\/media?parent=2538"}],"wp:term":[{"taxonomy":"post_tag","embeddable":true,"href":"https:\/\/vex.is\/en\/wp-json\/wp\/v2\/tags?post=2538"}],"curies":[{"name":"wp","href":"https:\/\/api.w.org\/{rel}","templated":true}]}}