{"id":1603,"date":"2023-11-14T09:59:07","date_gmt":"2023-11-14T09:59:07","guid":{"rendered":"https:\/\/vex.is\/?post_type=frettir&#038;p=1603"},"modified":"2024-04-09T09:59:53","modified_gmt":"2024-04-09T09:59:53","slug":"ok-festir-kaup-a-upplysingataeknihluta-trs","status":"publish","type":"frettir","link":"https:\/\/vex.is\/en\/frettir\/ok-festir-kaup-a-upplysingataeknihluta-trs\/","title":{"rendered":"OK festir kaup \u00e1 uppl\u00fdsingat\u00e6knihluta TRS"},"content":{"rendered":"<p>Undirrita\u00f0ur hefur veri\u00f0 samningur um kaup OK \u00e1 rekstri uppl\u00fdsingat\u00e6knihluta TRS.\u00a0OK er 55% \u00ed eigu framtakssj\u00f3\u00f0sins VEX I. S\u00e1 hluti starfsemi TRS sem hefur veri\u00f0 keyptur fellur vel\u00a0a\u00f0 starfsemi OK, en b\u00e6\u00f0i f\u00e9l\u00f6gin s\u00e9rh\u00e6fa sig \u00ed b\u00fana\u00f0ars\u00f6lu og \u00fej\u00f3nustu \u00ed uppl\u00fdsingat\u00e6kni. \u00dej\u00f3nusta TRS vi\u00f0 rafmagns- og fjarskiptakerfi er ekki hluti af kaupunum og ver\u00f0ur s\u00e1 hluti starfr\u00e6ktur \u00ed n\u00fdju f\u00e9lagi, TRS raf ehf.<\/p>\n<p>Gunnar Zoega forstj\u00f3ri OK: \u201eVi\u00f0 viljum vera n\u00e1l\u00e6gt okkar vi\u00f0skiptavinum og kaupin \u00e1 TRS gera OK kleift a\u00f0 \u00fej\u00f3nusta fyrirt\u00e6ki og stofnanir utan h\u00f6fu\u00f0borgarsv\u00e6\u00f0isins me\u00f0 enn betri h\u00e6tti. Mikil uppbygging hefur veri\u00f0 \u00e1 Su\u00f0urlandi s\u00ed\u00f0ustu misseri og \u00feykir okkur spennandi a\u00f0 taka \u00fe\u00e1tt \u00ed \u00feeirri vegfer\u00f0.\u201c<\/p>\n<p>Gunnar Bragi \u00deorsteinsson, framkv\u00e6mdastj\u00f3ri TRS: \u201c TRS hefur sinnt \u00fej\u00f3nustu vi\u00f0 uppl\u00fdsingakerfi \u00ed t\u00e6pa \u00ferj\u00e1 \u00e1ratugi me\u00f0 g\u00f3\u00f0um \u00e1rangri. Vi\u00f0 sj\u00e1um mikil t\u00e6kif\u00e6ri fyrir okkar starfsf\u00f3lk og vi\u00f0skiptavini me\u00f0 s\u00f6lu TRS til OK og h\u00f6fum fulla tr\u00fa \u00e1 a\u00f0 \u00feeim muni farnast vel.\u201c<\/p>\n<p>OK sty\u00f0ur vi\u00f0 \u00edslensk fyrirt\u00e6ki, stofnanir og sveitarf\u00e9l\u00f6g \u00ed \u00feeirra stafr\u00e6nu vegfer\u00f0 og er l\u00f6g\u00f0 mikil \u00e1hersla a\u00f0 veita fram\u00farskarandi lausnir og \u00fej\u00f3nustu. OK er me\u00f0 starfsemi og skrifstofur \u00ed Reykjav\u00edk, Sau\u00f0\u00e1rkr\u00f3ki, Akureyri og n\u00fa \u00e1 Selfossi.<\/p>\n<p>Endanleg vi\u00f0skipti eru h\u00e1\u00f0 sam\u00feykki Samkeppniseftirlitsins.<\/p>\n","protected":false},"featured_media":1601,"template":"","tags":[],"class_list":["post-1603","frettir","type-frettir","status-publish","has-post-thumbnail","hentry"],"acf":[],"yoast_head":"<!-- This site is optimized with the Yoast SEO plugin v26.4 - https:\/\/yoast.com\/wordpress\/plugins\/seo\/ -->\n<title>OK festir kaup \u00e1 uppl\u00fdsingat\u00e6knihluta TRS - VEX<\/title>\n<meta name=\"robots\" content=\"index, follow, max-snippet:-1, max-image-preview:large, max-video-preview:-1\" \/>\n<link rel=\"canonical\" href=\"https:\/\/vex.is\/en\/frettir\/ok-festir-kaup-a-upplysingataeknihluta-trs\/\" \/>\n<meta property=\"og:locale\" content=\"en_US\" \/>\n<meta property=\"og:type\" content=\"article\" \/>\n<meta property=\"og:title\" content=\"OK festir kaup \u00e1 uppl\u00fdsingat\u00e6knihluta TRS - VEX\" \/>\n<meta property=\"og:description\" content=\"Undirrita\u00f0ur hefur veri\u00f0 samningur um kaup OK \u00e1 rekstri uppl\u00fdsingat\u00e6knihluta TRS.\u00a0OK er 55% \u00ed eigu framtakssj\u00f3\u00f0sins VEX I. S\u00e1 hluti starfsemi TRS sem hefur veri\u00f0 keyptur fellur vel\u00a0a\u00f0 starfsemi OK, en b\u00e6\u00f0i f\u00e9l\u00f6gin s\u00e9rh\u00e6fa sig \u00ed b\u00fana\u00f0ars\u00f6lu og \u00fej\u00f3nustu \u00ed uppl\u00fdsingat\u00e6kni. \u00dej\u00f3nusta TRS vi\u00f0 rafmagns- og fjarskiptakerfi er ekki hluti af kaupunum og ver\u00f0ur s\u00e1 [&hellip;]\" \/>\n<meta property=\"og:url\" content=\"https:\/\/vex.is\/en\/frettir\/ok-festir-kaup-a-upplysingataeknihluta-trs\/\" \/>\n<meta property=\"og:site_name\" content=\"VEX\" \/>\n<meta property=\"article:modified_time\" content=\"2024-04-09T09:59:53+00:00\" \/>\n<meta property=\"og:image\" content=\"https:\/\/vex.is\/wp-content\/uploads\/2024\/04\/202310-TRS-OK.jpg\" \/>\n\t<meta property=\"og:image:width\" content=\"1640\" \/>\n\t<meta property=\"og:image:height\" content=\"1093\" \/>\n\t<meta property=\"og:image:type\" content=\"image\/jpeg\" \/>\n<meta name=\"twitter:card\" content=\"summary_large_image\" \/>\n<meta name=\"twitter:label1\" content=\"Est. reading time\" \/>\n\t<meta name=\"twitter:data1\" content=\"1 minute\" \/>\n<script type=\"application\/ld+json\" class=\"yoast-schema-graph\">{\"@context\":\"https:\/\/schema.org\",\"@graph\":[{\"@type\":\"WebPage\",\"@id\":\"https:\/\/vex.is\/en\/frettir\/ok-festir-kaup-a-upplysingataeknihluta-trs\/\",\"url\":\"https:\/\/vex.is\/en\/frettir\/ok-festir-kaup-a-upplysingataeknihluta-trs\/\",\"name\":\"OK festir kaup \u00e1 uppl\u00fdsingat\u00e6knihluta TRS - VEX\",\"isPartOf\":{\"@id\":\"https:\/\/vex.is\/en\/#website\"},\"primaryImageOfPage\":{\"@id\":\"https:\/\/vex.is\/en\/frettir\/ok-festir-kaup-a-upplysingataeknihluta-trs\/#primaryimage\"},\"image\":{\"@id\":\"https:\/\/vex.is\/en\/frettir\/ok-festir-kaup-a-upplysingataeknihluta-trs\/#primaryimage\"},\"thumbnailUrl\":\"https:\/\/vex.is\/wp-content\/uploads\/2024\/04\/202310-TRS-OK.jpg\",\"datePublished\":\"2023-11-14T09:59:07+00:00\",\"dateModified\":\"2024-04-09T09:59:53+00:00\",\"breadcrumb\":{\"@id\":\"https:\/\/vex.is\/en\/frettir\/ok-festir-kaup-a-upplysingataeknihluta-trs\/#breadcrumb\"},\"inLanguage\":\"en-US\",\"potentialAction\":[{\"@type\":\"ReadAction\",\"target\":[\"https:\/\/vex.is\/en\/frettir\/ok-festir-kaup-a-upplysingataeknihluta-trs\/\"]}]},{\"@type\":\"ImageObject\",\"inLanguage\":\"en-US\",\"@id\":\"https:\/\/vex.is\/en\/frettir\/ok-festir-kaup-a-upplysingataeknihluta-trs\/#primaryimage\",\"url\":\"https:\/\/vex.is\/wp-content\/uploads\/2024\/04\/202310-TRS-OK.jpg\",\"contentUrl\":\"https:\/\/vex.is\/wp-content\/uploads\/2024\/04\/202310-TRS-OK.jpg\",\"width\":1640,\"height\":1093},{\"@type\":\"BreadcrumbList\",\"@id\":\"https:\/\/vex.is\/en\/frettir\/ok-festir-kaup-a-upplysingataeknihluta-trs\/#breadcrumb\",\"itemListElement\":[{\"@type\":\"ListItem\",\"position\":1,\"name\":\"Home\",\"item\":\"https:\/\/vex.is\/en\/forsida\/\"},{\"@type\":\"ListItem\",\"position\":2,\"name\":\"OK festir kaup \u00e1 uppl\u00fdsingat\u00e6knihluta TRS\"}]},{\"@type\":\"WebSite\",\"@id\":\"https:\/\/vex.is\/en\/#website\",\"url\":\"https:\/\/vex.is\/en\/\",\"name\":\"VEX\",\"description\":\"\",\"publisher\":{\"@id\":\"https:\/\/vex.is\/en\/#organization\"},\"potentialAction\":[{\"@type\":\"SearchAction\",\"target\":{\"@type\":\"EntryPoint\",\"urlTemplate\":\"https:\/\/vex.is\/en\/?s={search_term_string}\"},\"query-input\":{\"@type\":\"PropertyValueSpecification\",\"valueRequired\":true,\"valueName\":\"search_term_string\"}}],\"inLanguage\":\"en-US\"},{\"@type\":\"Organization\",\"@id\":\"https:\/\/vex.is\/en\/#organization\",\"name\":\"VEX\",\"url\":\"https:\/\/vex.is\/en\/\",\"logo\":{\"@type\":\"ImageObject\",\"inLanguage\":\"en-US\",\"@id\":\"https:\/\/vex.is\/en\/#\/schema\/logo\/image\/\",\"url\":\"https:\/\/vex.is\/wp-content\/uploads\/2023\/07\/VEX_Logo_wide.png\",\"contentUrl\":\"https:\/\/vex.is\/wp-content\/uploads\/2023\/07\/VEX_Logo_wide.png\",\"width\":1470,\"height\":570,\"caption\":\"VEX\"},\"image\":{\"@id\":\"https:\/\/vex.is\/en\/#\/schema\/logo\/image\/\"},\"sameAs\":[\"https:\/\/www.linkedin.com\/company\/vex-ehf\/\"]}]}<\/script>\n<!-- \/ Yoast SEO plugin. -->","yoast_head_json":{"title":"OK festir kaup \u00e1 uppl\u00fdsingat\u00e6knihluta TRS - VEX","robots":{"index":"index","follow":"follow","max-snippet":"max-snippet:-1","max-image-preview":"max-image-preview:large","max-video-preview":"max-video-preview:-1"},"canonical":"https:\/\/vex.is\/en\/frettir\/ok-festir-kaup-a-upplysingataeknihluta-trs\/","og_locale":"en_US","og_type":"article","og_title":"OK festir kaup \u00e1 uppl\u00fdsingat\u00e6knihluta TRS - VEX","og_description":"Undirrita\u00f0ur hefur veri\u00f0 samningur um kaup OK \u00e1 rekstri uppl\u00fdsingat\u00e6knihluta TRS.\u00a0OK er 55% \u00ed eigu framtakssj\u00f3\u00f0sins VEX I. S\u00e1 hluti starfsemi TRS sem hefur veri\u00f0 keyptur fellur vel\u00a0a\u00f0 starfsemi OK, en b\u00e6\u00f0i f\u00e9l\u00f6gin s\u00e9rh\u00e6fa sig \u00ed b\u00fana\u00f0ars\u00f6lu og \u00fej\u00f3nustu \u00ed uppl\u00fdsingat\u00e6kni. \u00dej\u00f3nusta TRS vi\u00f0 rafmagns- og fjarskiptakerfi er ekki hluti af kaupunum og ver\u00f0ur s\u00e1 [&hellip;]","og_url":"https:\/\/vex.is\/en\/frettir\/ok-festir-kaup-a-upplysingataeknihluta-trs\/","og_site_name":"VEX","article_modified_time":"2024-04-09T09:59:53+00:00","og_image":[{"width":1640,"height":1093,"url":"https:\/\/vex.is\/wp-content\/uploads\/2024\/04\/202310-TRS-OK.jpg","type":"image\/jpeg"}],"twitter_card":"summary_large_image","twitter_misc":{"Est. reading time":"1 minute"},"schema":{"@context":"https:\/\/schema.org","@graph":[{"@type":"WebPage","@id":"https:\/\/vex.is\/en\/frettir\/ok-festir-kaup-a-upplysingataeknihluta-trs\/","url":"https:\/\/vex.is\/en\/frettir\/ok-festir-kaup-a-upplysingataeknihluta-trs\/","name":"OK festir kaup \u00e1 uppl\u00fdsingat\u00e6knihluta TRS - VEX","isPartOf":{"@id":"https:\/\/vex.is\/en\/#website"},"primaryImageOfPage":{"@id":"https:\/\/vex.is\/en\/frettir\/ok-festir-kaup-a-upplysingataeknihluta-trs\/#primaryimage"},"image":{"@id":"https:\/\/vex.is\/en\/frettir\/ok-festir-kaup-a-upplysingataeknihluta-trs\/#primaryimage"},"thumbnailUrl":"https:\/\/vex.is\/wp-content\/uploads\/2024\/04\/202310-TRS-OK.jpg","datePublished":"2023-11-14T09:59:07+00:00","dateModified":"2024-04-09T09:59:53+00:00","breadcrumb":{"@id":"https:\/\/vex.is\/en\/frettir\/ok-festir-kaup-a-upplysingataeknihluta-trs\/#breadcrumb"},"inLanguage":"en-US","potentialAction":[{"@type":"ReadAction","target":["https:\/\/vex.is\/en\/frettir\/ok-festir-kaup-a-upplysingataeknihluta-trs\/"]}]},{"@type":"ImageObject","inLanguage":"en-US","@id":"https:\/\/vex.is\/en\/frettir\/ok-festir-kaup-a-upplysingataeknihluta-trs\/#primaryimage","url":"https:\/\/vex.is\/wp-content\/uploads\/2024\/04\/202310-TRS-OK.jpg","contentUrl":"https:\/\/vex.is\/wp-content\/uploads\/2024\/04\/202310-TRS-OK.jpg","width":1640,"height":1093},{"@type":"BreadcrumbList","@id":"https:\/\/vex.is\/en\/frettir\/ok-festir-kaup-a-upplysingataeknihluta-trs\/#breadcrumb","itemListElement":[{"@type":"ListItem","position":1,"name":"Home","item":"https:\/\/vex.is\/en\/forsida\/"},{"@type":"ListItem","position":2,"name":"OK festir kaup \u00e1 uppl\u00fdsingat\u00e6knihluta TRS"}]},{"@type":"WebSite","@id":"https:\/\/vex.is\/en\/#website","url":"https:\/\/vex.is\/en\/","name":"VEX","description":"","publisher":{"@id":"https:\/\/vex.is\/en\/#organization"},"potentialAction":[{"@type":"SearchAction","target":{"@type":"EntryPoint","urlTemplate":"https:\/\/vex.is\/en\/?s={search_term_string}"},"query-input":{"@type":"PropertyValueSpecification","valueRequired":true,"valueName":"search_term_string"}}],"inLanguage":"en-US"},{"@type":"Organization","@id":"https:\/\/vex.is\/en\/#organization","name":"VEX","url":"https:\/\/vex.is\/en\/","logo":{"@type":"ImageObject","inLanguage":"en-US","@id":"https:\/\/vex.is\/en\/#\/schema\/logo\/image\/","url":"https:\/\/vex.is\/wp-content\/uploads\/2023\/07\/VEX_Logo_wide.png","contentUrl":"https:\/\/vex.is\/wp-content\/uploads\/2023\/07\/VEX_Logo_wide.png","width":1470,"height":570,"caption":"VEX"},"image":{"@id":"https:\/\/vex.is\/en\/#\/schema\/logo\/image\/"},"sameAs":["https:\/\/www.linkedin.com\/company\/vex-ehf\/"]}]}},"_links":{"self":[{"href":"https:\/\/vex.is\/en\/wp-json\/wp\/v2\/frettir\/1603","targetHints":{"allow":["GET"]}}],"collection":[{"href":"https:\/\/vex.is\/en\/wp-json\/wp\/v2\/frettir"}],"about":[{"href":"https:\/\/vex.is\/en\/wp-json\/wp\/v2\/types\/frettir"}],"wp:featuredmedia":[{"embeddable":true,"href":"https:\/\/vex.is\/en\/wp-json\/wp\/v2\/media\/1601"}],"wp:attachment":[{"href":"https:\/\/vex.is\/en\/wp-json\/wp\/v2\/media?parent=1603"}],"wp:term":[{"taxonomy":"post_tag","embeddable":true,"href":"https:\/\/vex.is\/en\/wp-json\/wp\/v2\/tags?post=1603"}],"curies":[{"name":"wp","href":"https:\/\/api.w.org\/{rel}","templated":true}]}}